{"id":3428,"date":"2015-10-09T17:00:57","date_gmt":"2015-10-09T17:00:57","guid":{"rendered":"http:\/\/www.fapricela.pt\/?page_id=3428"},"modified":"2019-10-02T11:08:31","modified_gmt":"2019-10-02T10:08:31","slug":"seguranca","status":"publish","type":"page","link":"https:\/\/www.fapricela.pt\/fr\/seguranca\/","title":{"rendered":"S\u00e9curit\u00e9"},"content":{"rendered":"<div class=\"row \">\n<div class=\"span12 \"><p style=\"text-align: justify;\">La s\u00e9curit\u00e9, l'hygi\u00e8ne et la sant\u00e9 au travail sont une priorit\u00e9 de <b>Fapricela<\/b>, tous les aspects de la s\u00e9curit\u00e9 et de la sant\u00e9 au travail sont pris en compte d\u00e8s la phase de planification des installations et des processus.<\/p>\n<p style=\"text-align: justify;\">Les strat\u00e9gies et les efforts pour d\u00e9velopper et optimiser nos processus, produits et services tiennent compte du non-engagement vis-\u00e0-vis de la sant\u00e9 et de la s\u00e9curit\u00e9 de ses employ\u00e9s.<\/p>\n<p><img loading=\"lazy\" decoding=\"async\" src=\"http:\/\/www.fapricela.pt\/wp-content\/uploads\/2015\/10\/img-seguranca.png\" alt=\"img-seguranca\" width=\"370\" height=\"149\" class=\"alignright size-full wp-image-6759\" \/><\/p>\n<p style=\"text-align: justify;\">Ainsi, Fapricela a pour base les pr\u00edncipes suivants:<\/p>\n<ul>\n<li style=\"text-align: justify;\">Respect des obligations l\u00e9gales;<\/li>\n<li style=\"text-align: justify;\">Pr\u00e9vention des accidents de travail;<\/li>\n<li style=\"text-align: justify;\">Promouvoir et assurer un environnement de travail sain et s\u00e9curitaire;<\/li>\n<li style=\"text-align: justify;\">Prot\u00e9ger les installations et les \u00e9quipements pour assurer les conditions de s\u00e9curit\u00e9.<\/li>\n<\/ul>\n<p><\/p>\n<p style=\"text-align: justify;\">Afin de cr\u00e9er les meilleures conditions de travail et de bien-\u00eatre chez ses travailleurs, <b>Fapricela<\/b> a r\u00e9cemment renforc\u00e9 ses efforts en mati\u00e8re de s\u00e9curit\u00e9 et sant\u00e9 occupationnelle en fixant des objectifs concernant la fr\u00e9quence et la gravit\u00e9 des accidents de travail, concernant les taux d'absent\u00e9isme provenant de maladie et d\u2019accidents, et en mettant en \u0153uvre divers programmes d'am\u00e9lioration dans le cadre de la Sant\u00e9 et de la S\u00e9curit\u00e9.<\/p>\n<div class=\"content-page\"><\/div><\/div>\n<\/div><!-- .row (end) -->","protected":false},"excerpt":{"rendered":"","protected":false},"author":100053844005,"featured_media":0,"parent":0,"menu_order":0,"comment_status":"closed","ping_status":"closed","template":"page-fullwidth.php","meta":{"footnotes":""},"class_list":["post-3428","page","type-page","status-publish","hentry"],"_links":{"self":[{"href":"https:\/\/www.fapricela.pt\/fr\/wp-json\/wp\/v2\/pages\/3428","targetHints":{"allow":["GET"]}}],"collection":[{"href":"https:\/\/www.fapricela.pt\/fr\/wp-json\/wp\/v2\/pages"}],"about":[{"href":"https:\/\/www.fapricela.pt\/fr\/wp-json\/wp\/v2\/types\/page"}],"author":[{"embeddable":true,"href":"https:\/\/www.fapricela.pt\/fr\/wp-json\/wp\/v2\/users\/100053844005"}],"replies":[{"embeddable":true,"href":"https:\/\/www.fapricela.pt\/fr\/wp-json\/wp\/v2\/comments?post=3428"}],"version-history":[{"count":22,"href":"https:\/\/www.fapricela.pt\/fr\/wp-json\/wp\/v2\/pages\/3428\/revisions"}],"predecessor-version":[{"id":26850,"href":"https:\/\/www.fapricela.pt\/fr\/wp-json\/wp\/v2\/pages\/3428\/revisions\/26850"}],"wp:attachment":[{"href":"https:\/\/www.fapricela.pt\/fr\/wp-json\/wp\/v2\/media?parent=3428"}],"curies":[{"name":"wp","href":"https:\/\/api.w.org\/{rel}","templated":true}]}}