{"id":1997,"date":"2015-08-12T11:05:57","date_gmt":"2015-08-12T11:05:57","guid":{"rendered":"http:\/\/www.fapricela.pt\/?page_id=1997"},"modified":"2019-10-02T12:44:04","modified_gmt":"2019-10-02T11:44:04","slug":"empresa","status":"publish","type":"page","link":"https:\/\/www.fapricela.pt\/es\/empresa\/","title":{"rendered":"La empresa"},"content":{"rendered":"<div class=\"row \">\n<div class=\"span12 \"><img decoding=\"async\" src=\"http:\/\/www.fapricela.pt\/wp-content\/uploads\/2015\/08\/fachada-fapricela.png\" alt=\"fachada-fapricela\" height=\"213\" class=\"alignright size-full wp-image-2007\" \/><\/p>\n<p style=\"text-align: justify;\"><strong>FAPRICELA - Ind\u00fastria de Trefilaria, S.A.<\/strong>, empresa de naturaleza familiar, fundada en 1977, inici\u00f3 su actividad volcada esencialmente en la producci\u00f3n de puntas para la construcci\u00f3n. Con el paso del tiempo y conjugada con su continua inversi\u00f3n, atendiendo a los cambios y exigencias del mercado se han ido a\u00f1adiendo nuevos productos a su oferta: redes, alambres, mallazo, alambre y cord\u00f3n para pre y pos tensado de baja relajaci\u00f3n y alambres para la producci\u00f3n de muelles para la colchoner\u00eda.<\/p>\n<p style=\"text-align: justify;\">En realidad, en su proceso evolutivo, esta empresa siempre ha modelado su actividad basada en la calidad de sus productos, con una inversi\u00f3n continuada, apostando por el equilibrio entre la innovaci\u00f3n y la alta tecnolog\u00eda (automatizaci\u00f3n de los equipos) as\u00ed como en el control sistem\u00e1tico de la calidad, que le permite hoy la consideraci\u00f3n como una de las m\u00e1s grandes trefiler\u00edas de Europa, con una facturaci\u00f3n de 125.000.000\u20ac, comparados con los 9.980\u20ac facturados en el a\u00f1o 1977.<\/p>\n<p style=\"text-align: justify;\">Las instalaciones de Fapricela, ocupan un \u00e1rea cubierta de 90.000m\u00b2, con terrenos circundantes que llegan a una superficie total de 200.000m\u00b2, teniendo actualmente una plantilla de 320 trabajadores, siendo as\u00ed una de las mayores empleadoras de la Regi\u00f3n Centro, y adicionalmente con el esfuerzo en la gesti\u00f3n financiera, asume cada vez m\u00e1s el ideal de producir con calidad para satisfacer las exigencias del mercado.<\/p>\n<p style=\"text-align: justify;\">En el transcurso de este esp\u00edritu emprendedor y a\u00fan con la intenci\u00f3n de expandir su gama de productos, El Grupo Fapricela Industria, adquiri\u00f3 en Junio de 2007 la empresa Ibermetais, S.A., situada en Freamunde, - Pa\u00e7o de Ferreira, industria de trefiler\u00eda cuya actividad est\u00e1 volcada en los alambres lisos.<\/p>\n<p style=\"text-align: justify;\">Fapricela Industria de Trefiler\u00eda, S.A. tiene el n\u00famero de identificaci\u00f3n fiscal 500 643 130 y est\u00e1 registrada en el Registro comercial de la comarca de Cantanhede con el n\u00ba 221.<\/p><\/div>\n<\/div><!-- .row (end) -->\n<div class=\"content-page\"><\/div>","protected":false},"excerpt":{"rendered":"","protected":false},"author":100053844005,"featured_media":0,"parent":0,"menu_order":0,"comment_status":"closed","ping_status":"closed","template":"page-fullwidth.php","meta":{"footnotes":""},"class_list":["post-1997","page","type-page","status-publish","hentry"],"_links":{"self":[{"href":"https:\/\/www.fapricela.pt\/es\/wp-json\/wp\/v2\/pages\/1997","targetHints":{"allow":["GET"]}}],"collection":[{"href":"https:\/\/www.fapricela.pt\/es\/wp-json\/wp\/v2\/pages"}],"about":[{"href":"https:\/\/www.fapricela.pt\/es\/wp-json\/wp\/v2\/types\/page"}],"author":[{"embeddable":true,"href":"https:\/\/www.fapricela.pt\/es\/wp-json\/wp\/v2\/users\/100053844005"}],"replies":[{"embeddable":true,"href":"https:\/\/www.fapricela.pt\/es\/wp-json\/wp\/v2\/comments?post=1997"}],"version-history":[{"count":42,"href":"https:\/\/www.fapricela.pt\/es\/wp-json\/wp\/v2\/pages\/1997\/revisions"}],"predecessor-version":[{"id":26856,"href":"https:\/\/www.fapricela.pt\/es\/wp-json\/wp\/v2\/pages\/1997\/revisions\/26856"}],"wp:attachment":[{"href":"https:\/\/www.fapricela.pt\/es\/wp-json\/wp\/v2\/media?parent=1997"}],"curies":[{"name":"wp","href":"https:\/\/api.w.org\/{rel}","templated":true}]}}