{"id":203,"date":"2015-08-12T09:45:02","date_gmt":"2015-08-12T09:45:02","guid":{"rendered":"http:\/\/192.168.9.29\/Development\/TB\/?page_id=203"},"modified":"2023-06-19T17:49:52","modified_gmt":"2023-06-19T16:49:52","slug":"home","status":"publish","type":"page","link":"https:\/\/www.fapricela.pt\/de\/","title":{"rendered":"Startseite"},"content":{"rendered":"<div class=\"service-grid\">\n<div class=\"row \">\n<div class=\"span12 \"><blockquote><p>\n<!--div id=\"logo-feira\" style=\"text-align: center; margin-top: -30px; margin-bottom: 45px;\"><img loading=\"lazy\" decoding=\"async\" title=\"\" alt=\"\" src=\"\/wp-content\/uploads\/2020\/01\/img-wire_2020.jpg\" width=\"650\" height=\"69\"><\/div-->\n<p style=\"text-align: center;\">Effizient mit unserem Industrieunternehmen arbeiten!<br \/>\nWir bieten innovative und kosteneffiziente Industriel\u00f6sungen<\/p>\n<\/blockquote>\n<div class=\"row-fluid \">\n<figure class=\"frame thumbnail alignnone clearfix\">\n<div class=\"span2\"><div class=\"service-box \"><figure class=\"icon\"><a href=\"http:\/\/www.fapricela.pt\/de\/produtos\/\"><img decoding=\"async\" src=\"https:\/\/www.fapricela.pt\/wp-content\/themes\/theme44938\/images\/icon-produto.png\" alt=\"\" \/><\/a><\/figure><div class=\"service-box_body\"><h2 class=\"title\">Produkte<\/h2><div class=\"service-box_txt\">Hohes Ma\u00df an Wettbewerbsf\u00e4higkeit.<\/div><\/div><\/div><!-- \/Service Box --><\/div>\n<div class=\"span2\"><div class=\"service-box \"><figure class=\"icon\"><a href=\"http:\/\/www.fapricela.pt\/de\/carreiras\/\"><img decoding=\"async\" src=\"https:\/\/www.fapricela.pt\/wp-content\/themes\/theme44938\/images\/icon-carreiras.png\" alt=\"\" \/><\/a><\/figure><div class=\"service-box_body\"><h2 class=\"title\">Karrieren<\/h2><div class=\"service-box_txt\">Wir sorgen uns um die Zukunft. Kommen Sie zu unserem Team!<\/div><\/div><\/div><!-- \/Service Box --><\/div>\n<div class=\"span2\"><div class=\"service-box \"><figure class=\"icon\"><a href=\"http:\/\/www.fapricela.pt\/de\/exportacao\/\"><img decoding=\"async\" src=\"https:\/\/www.fapricela.pt\/wp-content\/themes\/theme44938\/images\/icon-exportacao.png\" alt=\"\" \/><\/a><\/figure><div class=\"service-box_body\"><h2 class=\"title\">Export<\/h2><div class=\"service-box_txt\">Wo auch immer Sie sind, sind wir schon nahe.<\/div><\/div><\/div><!-- \/Service Box --><\/div>\n<div class=\"span2\"><div class=\"service-box \"><figure class=\"icon\"><a href=\"http:\/\/www.fapricela.pt\/de\/seguranca\/\"><img decoding=\"async\" src=\"https:\/\/www.fapricela.pt\/wp-content\/themes\/theme44938\/images\/icon-seguranca.png\" alt=\"\" \/><\/a><\/figure><div class=\"service-box_body\"><h2 class=\"title\">Sicherheit<\/h2><div class=\"service-box_txt\">Standards, Betriebsvorschriften und die Verwendung von geeigneten Materialien, um die Aufgaben zu erf\u00fcllen.<\/div><\/div><\/div><!-- \/Service Box --><\/div>\n<div class=\"span2\"><div class=\"service-box \"><figure class=\"icon\"><a href=\"http:\/\/www.fapricela.pt\/de\/qualidade\/ambiente\/\"><img decoding=\"async\" src=\"https:\/\/www.fapricela.pt\/wp-content\/themes\/theme44938\/images\/icon-ambiente.png\" alt=\"\" \/><\/a><\/figure><div class=\"service-box_body\"><h2 class=\"title\">Umwelt<\/h2><div class=\"service-box_txt\">Werte und Bedenken, immer an morgen denken.<\/div><\/div><\/div><!-- \/Service Box --><\/div>\n<div class=\"span2\"><div class=\"service-box \"><figure class=\"icon\"><a href=\"http:\/\/www.fapricela.pt\/de\/qualidade\/politica-da-qualidade\/\"><img decoding=\"async\" src=\"https:\/\/www.fapricela.pt\/wp-content\/themes\/theme44938\/images\/icon-qualidade.png\" alt=\"\" \/><\/a><\/figure><div class=\"service-box_body\"><h2 class=\"title\">Qualit\u00e4t<\/h2><div class=\"service-box_txt\">Qualit\u00e4tsprodukte als Vektor von Wettbewerbsf\u00e4higkeit und Wachstum.<\/div><\/div><\/div><!-- \/Service Box --><\/div>\n<\/figure>\n<\/div> <!-- .row-fluid (end) --><\/div>\n<\/div><!-- .row (end) -->\n<\/div>\n<div class=\"row \">\n<div class=\"span12 \"><h2>Produkte<\/h2>\n<div class=\"carousel-wrap font-size-letter-tittle\"><div id=\"owl-carousel-69f2cf4b47161\" class=\"owl-carousel-portfolio owl-carousel\" data-items=\"5\" data-auto-play=\"5000\" data-nav=\"true\" data-pagination=\"false\"><div class=\"item format-standart item-list-0\"><figure><a href=\"https:\/\/www.fapricela.pt\/de\/portfolio-view\/cordao-de-7-fios\/\" title=\"7 Dr\u00e4htige Spannstahllitze\" class=\"darkbox\" ><img decoding=\"async\" src=\"https:\/\/www.fapricela.pt\/wp-content\/uploads\/2016\/05\/prd-pc-strand-7-wires-3-270x201.png\" alt=\"7 Dr\u00e4htige Spannstahllitze\" \/> <\/a><\/figure><div class=\"desc\"><h5><a href=\"https:\/\/www.fapricela.pt\/de\/portfolio-view\/cordao-de-7-fios\/\" title=\"7 Dr\u00e4htige Spannstahllitze\">7 Dr\u00e4htige Spannstahllitze<\/a><\/h5><\/div><\/div><div class=\"item format-standart item-list-1\"><figure><a href=\"https:\/\/www.fapricela.pt\/de\/portfolio-view\/cordao-de-7-fios-compactados\/\" title=\"7 Dr\u00e4ht Komprimierte Litze\" class=\"darkbox\" ><img decoding=\"async\" src=\"https:\/\/www.fapricela.pt\/wp-content\/uploads\/2016\/05\/prd-pc-strand-compacted-7-wires-3-270x201.png\" alt=\"7 Dr\u00e4ht Komprimierte Litze\" \/> <\/a><\/figure><div class=\"desc\"><h5><a href=\"https:\/\/www.fapricela.pt\/de\/portfolio-view\/cordao-de-7-fios-compactados\/\" title=\"7 Dr\u00e4ht Komprimierte Litze\">7 Dr\u00e4ht Komprimierte Litze<\/a><\/h5><\/div><\/div><div class=\"item format-standart item-list-2\"><figure><a href=\"https:\/\/www.fapricela.pt\/de\/portfolio-view\/cordao-de-3-fios\/\" title=\"Stahllitze mit 3 Dr\u00e4hte\" class=\"darkbox\" ><img decoding=\"async\" src=\"https:\/\/www.fapricela.pt\/wp-content\/uploads\/2016\/05\/prd-pc-strand-3-wires-3-270x201.png\" alt=\"Stahllitze mit 3 Dr\u00e4hte\" \/> <\/a><\/figure><div class=\"desc\"><h5><a href=\"https:\/\/www.fapricela.pt\/de\/portfolio-view\/cordao-de-3-fios\/\" title=\"Stahllitze mit 3 Dr\u00e4hte\">Stahllitze mit 3 Dr\u00e4hte<\/a><\/h5><\/div><\/div><div class=\"item format-standart item-list-3\"><figure><a href=\"https:\/\/www.fapricela.pt\/de\/portfolio-view\/cordao-de-2-fios\/\" title=\"Stahllitze mit 2 Dr\u00e4hte\" class=\"darkbox\" ><img decoding=\"async\" src=\"https:\/\/www.fapricela.pt\/wp-content\/uploads\/2016\/05\/prd-pc-strand-2-wires-3-270x201.png\" alt=\"Stahllitze mit 2 Dr\u00e4hte\" \/> <\/a><\/figure><div class=\"desc\"><h5><a href=\"https:\/\/www.fapricela.pt\/de\/portfolio-view\/cordao-de-2-fios\/\" title=\"Stahllitze mit 2 Dr\u00e4hte\">Stahllitze mit 2 Dr\u00e4hte<\/a><\/h5><\/div><\/div><div class=\"item format-standart item-list-4\"><figure><a href=\"https:\/\/www.fapricela.pt\/de\/portfolio-view\/cordao-liso-auto-embainhado\/\" title=\"Flate umh\u00fcllte Litze\" class=\"darkbox\" ><img decoding=\"async\" src=\"https:\/\/www.fapricela.pt\/wp-content\/uploads\/2016\/11\/prd-cordao-auto-embainhado-liso-5-270x201.png\" alt=\"Flate umh\u00fcllte Litze\" \/> <\/a><\/figure><div class=\"desc\"><h5><a href=\"https:\/\/www.fapricela.pt\/de\/portfolio-view\/cordao-liso-auto-embainhado\/\" title=\"Flate umh\u00fcllte Litze\">Flate umh\u00fcllte Litze<\/a><\/h5><\/div><\/div><div class=\"item format-standart item-list-5\"><figure><a href=\"https:\/\/www.fapricela.pt\/de\/portfolio-view\/cordao-compactado-auto-embainhado\/\" title=\"Verdichtet umh\u00fcllte Litze\" class=\"darkbox\" ><img decoding=\"async\" src=\"https:\/\/www.fapricela.pt\/wp-content\/uploads\/2016\/05\/prd-cordao-auto-embainhado-compactado-4-270x201.png\" alt=\"Verdichtet umh\u00fcllte Litze\" \/> <\/a><\/figure><div class=\"desc\"><h5><a href=\"https:\/\/www.fapricela.pt\/de\/portfolio-view\/cordao-compactado-auto-embainhado\/\" title=\"Verdichtet umh\u00fcllte Litze\">Verdichtet umh\u00fcllte Litze<\/a><\/h5><\/div><\/div><div class=\"item format-standart item-list-6\"><figure><a href=\"https:\/\/www.fapricela.pt\/de\/portfolio-view\/arame-de-aco-pre-esforco\/\" title=\"Stahldraht\" class=\"darkbox\" ><img decoding=\"async\" src=\"https:\/\/www.fapricela.pt\/wp-content\/uploads\/2016\/05\/prd-pc-wire-3-270x201.png\" alt=\"Stahldraht\" \/> <\/a><\/figure><div class=\"desc\"><h5><a href=\"https:\/\/www.fapricela.pt\/de\/portfolio-view\/arame-de-aco-pre-esforco\/\" title=\"Stahldraht\">Stahldraht<\/a><\/h5><\/div><\/div><div class=\"item format-standart item-list-7\"><figure><a href=\"https:\/\/www.fapricela.pt\/de\/portfolio-view\/travessas-varetas\/\" title=\"Bars f\u00fcr Eisenbahnschwellen\" class=\"darkbox\" ><img decoding=\"async\" src=\"https:\/\/www.fapricela.pt\/wp-content\/uploads\/2016\/02\/prd-bars-for-railway-sleepers-3-270x201.png\" alt=\"Bars f\u00fcr Eisenbahnschwellen\" \/> <\/a><\/figure><div class=\"desc\"><h5><a href=\"https:\/\/www.fapricela.pt\/de\/portfolio-view\/travessas-varetas\/\" title=\"Bars f\u00fcr Eisenbahnschwellen\">Bars f\u00fcr Eisenbahnschwellen<\/a><\/h5><\/div><\/div><div class=\"item format-standart item-list-8\"><figure><a href=\"https:\/\/www.fapricela.pt\/de\/portfolio-view\/arame-para-molas\/\" title=\"Draht f\u00fcr Federn\" class=\"darkbox\" ><img decoding=\"async\" src=\"https:\/\/www.fapricela.pt\/wp-content\/uploads\/2016\/05\/prd-arames-para-molas-5-270x201.png\" alt=\"Draht f\u00fcr Federn\" \/> <\/a><\/figure><div class=\"desc\"><h5><a href=\"https:\/\/www.fapricela.pt\/de\/portfolio-view\/arame-para-molas\/\" title=\"Draht f\u00fcr Federn\">Draht f\u00fcr Federn<\/a><\/h5><\/div><\/div><div class=\"item format-standart item-list-9\"><figure><a href=\"https:\/\/www.fapricela.pt\/de\/portfolio-view\/rede-electrossoldada\/\" title=\"Geschwei\u00dfte Maschen\" class=\"darkbox\" ><img decoding=\"async\" src=\"https:\/\/www.fapricela.pt\/wp-content\/uploads\/2016\/02\/prd-malha-4-270x201.png\" alt=\"Geschwei\u00dfte Maschen\" \/> <\/a><\/figure><div class=\"desc\"><h5><a href=\"https:\/\/www.fapricela.pt\/de\/portfolio-view\/rede-electrossoldada\/\" title=\"Geschwei\u00dfte Maschen\">Geschwei\u00dfte Maschen<\/a><\/h5><\/div><\/div><div class=\"item format-standart item-list-10\"><figure><a href=\"https:\/\/www.fapricela.pt\/de\/portfolio-view\/bobines\/\" title=\"Coils\" class=\"darkbox\" ><img decoding=\"async\" src=\"https:\/\/www.fapricela.pt\/wp-content\/uploads\/2016\/02\/prd-bobines-2-270x201.png\" alt=\"Coils\" \/> <\/a><\/figure><div class=\"desc\"><h5><a href=\"https:\/\/www.fapricela.pt\/de\/portfolio-view\/bobines\/\" title=\"Coils\">Coils<\/a><\/h5><\/div><\/div><div class=\"item format-standart item-list-11\"><figure><a href=\"https:\/\/www.fapricela.pt\/de\/portfolio-view\/varetas\/\" title=\"St\u00e4be\" class=\"darkbox\" ><img decoding=\"async\" src=\"https:\/\/www.fapricela.pt\/wp-content\/uploads\/2016\/02\/prd-barras-2-270x201.png\" alt=\"St\u00e4be\" \/> <\/a><\/figure><div class=\"desc\"><h5><a href=\"https:\/\/www.fapricela.pt\/de\/portfolio-view\/varetas\/\" title=\"St\u00e4be\">St\u00e4be<\/a><\/h5><\/div><\/div><div class=\"item format-standart item-list-12\"><figure><a href=\"https:\/\/www.fapricela.pt\/de\/portfolio-view\/trelicas\/\" title=\"Gittertr\u00e4ger\" class=\"darkbox\" ><img decoding=\"async\" src=\"https:\/\/www.fapricela.pt\/wp-content\/uploads\/2016\/02\/prd-trelicas-1-270x201.png\" alt=\"Gittertr\u00e4ger\" \/> <\/a><\/figure><div class=\"desc\"><h5><a href=\"https:\/\/www.fapricela.pt\/de\/portfolio-view\/trelicas\/\" title=\"Gittertr\u00e4ger\">Gittertr\u00e4ger<\/a><\/h5><\/div><\/div><div class=\"item format-standart item-list-13\"><figure><a href=\"https:\/\/www.fapricela.pt\/de\/portfolio-view\/prego-quadrado\/\" title=\"Quadratnagel\" class=\"darkbox\" ><img decoding=\"async\" src=\"https:\/\/www.fapricela.pt\/wp-content\/uploads\/2015\/08\/prd-prego-quadrado-construcao-2-270x201.png\" alt=\"Quadratnagel\" \/> <\/a><\/figure><div class=\"desc\"><h5><a href=\"https:\/\/www.fapricela.pt\/de\/portfolio-view\/prego-quadrado\/\" title=\"Quadratnagel\">Quadratnagel<\/a><\/h5><\/div><\/div><div class=\"item format-standart item-list-14\"><figure><a href=\"https:\/\/www.fapricela.pt\/de\/portfolio-view\/prego-redondo\/\" title=\"Runde Nagel\" class=\"darkbox\" ><img decoding=\"async\" src=\"https:\/\/www.fapricela.pt\/wp-content\/uploads\/2015\/08\/prd-prego-redondo-construcao-3-270x201.png\" alt=\"Runde Nagel\" \/> <\/a><\/figure><div class=\"desc\"><h5><a href=\"https:\/\/www.fapricela.pt\/de\/portfolio-view\/prego-redondo\/\" title=\"Runde Nagel\">Runde Nagel<\/a><\/h5><\/div><\/div><div class=\"item format-standart item-list-15\"><figure><a href=\"https:\/\/www.fapricela.pt\/de\/portfolio-view\/prego-anelado\/\" title=\"Ringn\u00e4gel\" class=\"darkbox\" ><img decoding=\"async\" src=\"https:\/\/www.fapricela.pt\/wp-content\/uploads\/2015\/09\/prd-prego-anelado-2-270x201.png\" alt=\"Ringn\u00e4gel\" \/> <\/a><\/figure><div class=\"desc\"><h5><a href=\"https:\/\/www.fapricela.pt\/de\/portfolio-view\/prego-anelado\/\" title=\"Ringn\u00e4gel\">Ringn\u00e4gel<\/a><\/h5><\/div><\/div><div class=\"item format-standart item-list-16\"><figure><a href=\"https:\/\/www.fapricela.pt\/de\/portfolio-view\/prego-roscado\/\" title=\"Schraubn\u00e4gel\" class=\"darkbox\" ><img decoding=\"async\" src=\"https:\/\/www.fapricela.pt\/wp-content\/uploads\/2015\/09\/prd-prego-roscado-1-270x201.png\" alt=\"Schraubn\u00e4gel\" \/> <\/a><\/figure><div class=\"desc\"><h5><a href=\"https:\/\/www.fapricela.pt\/de\/portfolio-view\/prego-roscado\/\" title=\"Schraubn\u00e4gel\">Schraubn\u00e4gel<\/a><\/h5><\/div><\/div><div class=\"item format-standart item-list-17\"><figure><a href=\"https:\/\/www.fapricela.pt\/de\/portfolio-view\/prego-ponta-biselada\/\" title=\"Nietn\u00e4gel\" class=\"darkbox\" ><img decoding=\"async\" src=\"https:\/\/www.fapricela.pt\/wp-content\/uploads\/2015\/09\/prd-prego-ponta-biselada-1-270x201.png\" alt=\"Nietn\u00e4gel\" \/> <\/a><\/figure><div class=\"desc\"><h5><a href=\"https:\/\/www.fapricela.pt\/de\/portfolio-view\/prego-ponta-biselada\/\" title=\"Nietn\u00e4gel\">Nietn\u00e4gel<\/a><\/h5><\/div><\/div><div class=\"item format-standart item-list-18\"><figure><a href=\"https:\/\/www.fapricela.pt\/de\/portfolio-view\/prego-anelado-roscado-em-rolo-ppistola\/\" title=\"Ringn\u00e4gel \/ Schraubn\u00e4gel in Rollen (F\u00fcr Bolzenschu\u00dfger\u00e4te)\" class=\"darkbox\" ><img decoding=\"async\" src=\"https:\/\/www.fapricela.pt\/wp-content\/uploads\/2015\/09\/prd-prego-rolo-roscado-1-270x201.png\" alt=\"Ringn\u00e4gel \/ Schraubn\u00e4gel in Rollen (F\u00fcr Bolzenschu\u00dfger\u00e4te)\" \/> <\/a><\/figure><div class=\"desc\"><h5><a href=\"https:\/\/www.fapricela.pt\/de\/portfolio-view\/prego-anelado-roscado-em-rolo-ppistola\/\" title=\"Ringn\u00e4gel \/ Schraubn\u00e4gel in Rollen (F\u00fcr Bolzenschu\u00dfger\u00e4te)\">Ringn\u00e4gel \/ Schraubn\u00e4gel in Rollen (F\u00fcr Bolzenschu\u00dfger\u00e4te)<\/a><\/h5><\/div><\/div><div class=\"item format-standart item-list-19\"><figure><a href=\"https:\/\/www.fapricela.pt\/de\/portfolio-view\/rede-elastica-de-malha-solta-com-arame-galvanizado\/\" title=\"Maschendrahtz\u00e4une Verzinkter\" class=\"darkbox\" ><img decoding=\"async\" src=\"https:\/\/www.fapricela.pt\/wp-content\/uploads\/2016\/02\/prd-chain-link-fencing-with-galvanized-wire-2-270x201.png\" alt=\"Maschendrahtz\u00e4une Verzinkter\" \/> <\/a><\/figure><div class=\"desc\"><h5><a href=\"https:\/\/www.fapricela.pt\/de\/portfolio-view\/rede-elastica-de-malha-solta-com-arame-galvanizado\/\" title=\"Maschendrahtz\u00e4une Verzinkter\">Maschendrahtz\u00e4une Verzinkter<\/a><\/h5><\/div><\/div><div class=\"item format-standart item-list-20\"><figure><a href=\"https:\/\/www.fapricela.pt\/de\/portfolio-view\/rede-elastica-de-malha-solta-com-arame-plastificado\/\" title=\"Maschendrahtz\u00e4une Verzinkter und Plastifizierter\" class=\"darkbox\" ><img decoding=\"async\" src=\"https:\/\/www.fapricela.pt\/wp-content\/uploads\/2016\/02\/prd-chain-link-fencing-with-pvc-coated-galvanized-wire-2-270x201.png\" alt=\"Maschendrahtz\u00e4une Verzinkter und Plastifizierter\" \/> <\/a><\/figure><div class=\"desc\"><h5><a href=\"https:\/\/www.fapricela.pt\/de\/portfolio-view\/rede-elastica-de-malha-solta-com-arame-plastificado\/\" title=\"Maschendrahtz\u00e4une Verzinkter und Plastifizierter\">Maschendrahtz\u00e4une Verzinkter und Plastifizierter<\/a><\/h5><\/div><\/div><div class=\"item format-standart item-list-21\"><figure><a href=\"https:\/\/www.fapricela.pt\/de\/portfolio-view\/rede-no-ovina\/\" title=\"Maschennetze f\u00fcr Tierzucht\" class=\"darkbox\" ><img decoding=\"async\" src=\"https:\/\/www.fapricela.pt\/wp-content\/uploads\/2016\/02\/prd-galvanized-hingle-joint-farm-fencing-3-270x201.png\" alt=\"Maschennetze f\u00fcr Tierzucht\" \/> <\/a><\/figure><div class=\"desc\"><h5><a href=\"https:\/\/www.fapricela.pt\/de\/portfolio-view\/rede-no-ovina\/\" title=\"Maschennetze f\u00fcr Tierzucht\">Maschennetze f\u00fcr Tierzucht<\/a><\/h5><\/div><\/div><div class=\"item format-standart item-list-22\"><figure><a href=\"https:\/\/www.fapricela.pt\/de\/portfolio-view\/arame-plastificado\/\" title=\"Plastifizierter Daht\" class=\"darkbox\" ><img decoding=\"async\" src=\"https:\/\/www.fapricela.pt\/wp-content\/uploads\/2016\/02\/prd-pvc-coated-wire-2-270x201.png\" alt=\"Plastifizierter Daht\" \/> <\/a><\/figure><div class=\"desc\"><h5><a href=\"https:\/\/www.fapricela.pt\/de\/portfolio-view\/arame-plastificado\/\" title=\"Plastifizierter Daht\">Plastifizierter Daht<\/a><\/h5><\/div><\/div><div class=\"item format-standart item-list-23\"><figure><a href=\"https:\/\/www.fapricela.pt\/de\/portfolio-view\/arame-galvanizado\/\" title=\"Verzinkter Daht\" class=\"darkbox\" ><img decoding=\"async\" src=\"https:\/\/www.fapricela.pt\/wp-content\/uploads\/2016\/02\/prd-galvanized-wire-2-270x201.png\" alt=\"Verzinkter Daht\" \/> <\/a><\/figure><div class=\"desc\"><h5><a href=\"https:\/\/www.fapricela.pt\/de\/portfolio-view\/arame-galvanizado\/\" title=\"Verzinkter Daht\">Verzinkter Daht<\/a><\/h5><\/div><\/div><div class=\"item format-standart item-list-24\"><figure><a href=\"https:\/\/www.fapricela.pt\/de\/portfolio-view\/arame-farpado\/\" title=\"Stacheldraht\" class=\"darkbox\" ><img decoding=\"async\" src=\"https:\/\/www.fapricela.pt\/wp-content\/uploads\/2016\/02\/prd-arame-farpado-2-270x201.png\" alt=\"Stacheldraht\" \/> <\/a><\/figure><div class=\"desc\"><h5><a href=\"https:\/\/www.fapricela.pt\/de\/portfolio-view\/arame-farpado\/\" title=\"Stacheldraht\">Stacheldraht<\/a><\/h5><\/div><\/div><div class=\"item format-standart item-list-25\"><figure><a href=\"https:\/\/www.fapricela.pt\/de\/portfolio-view\/arame-torcido\/\" title=\"Gedrehtes Draht\" class=\"darkbox\" ><img decoding=\"async\" src=\"https:\/\/www.fapricela.pt\/wp-content\/uploads\/2016\/02\/prd-arame-torcido-1-270x201.png\" alt=\"Gedrehtes Draht\" \/> <\/a><\/figure><div class=\"desc\"><h5><a href=\"https:\/\/www.fapricela.pt\/de\/portfolio-view\/arame-torcido\/\" title=\"Gedrehtes Draht\">Gedrehtes Draht<\/a><\/h5><\/div><\/div><div class=\"item format-standart item-list-26\"><figure><a href=\"https:\/\/www.fapricela.pt\/de\/produtos\/baixo-carbono\/fibras\/\" title=\"Stahldrahtfasern\" class=\"darkbox\" ><img decoding=\"async\" src=\"https:\/\/www.fapricela.pt\/wp-content\/uploads\/2015\/08\/slide6-270x201.png\" alt=\"Stahldrahtfasern\" \/> <\/a><\/figure><div class=\"desc\"><h5><a href=\"https:\/\/www.fapricela.pt\/de\/produtos\/baixo-carbono\/fibras\/\" title=\"Stahldrahtfasern\">Stahldrahtfasern<\/a><\/h5><\/div><\/div><div class=\"item format-standart item-list-27\"><figure><a href=\"https:\/\/www.fapricela.pt\/de\/portfolio-view\/arame-recozido-em-rolo\/\" title=\"Gegl\u00fchte Draht in Rolle\" class=\"darkbox\" ><img decoding=\"async\" src=\"https:\/\/www.fapricela.pt\/wp-content\/uploads\/2015\/08\/prd-arame-recozido-rolo-21-270x201.png\" alt=\"Gegl\u00fchte Draht in Rolle\" \/> <\/a><\/figure><div class=\"desc\"><h5><a href=\"https:\/\/www.fapricela.pt\/de\/portfolio-view\/arame-recozido-em-rolo\/\" title=\"Gegl\u00fchte Draht in Rolle\">Gegl\u00fchte Draht in Rolle<\/a><\/h5><\/div><\/div><div class=\"item format-standart item-list-28\"><figure><a href=\"https:\/\/www.fapricela.pt\/de\/portfolio-view\/arame-recozido-em-rolo-pequeno\/\" title=\"Gegl\u00fchte Draht in Kleine Rolle\" class=\"darkbox\" ><img decoding=\"async\" src=\"https:\/\/www.fapricela.pt\/wp-content\/uploads\/2015\/08\/prd-arame-recozido-rolo-peq-1-270x201.png\" alt=\"Gegl\u00fchte Draht in Kleine Rolle\" \/> <\/a><\/figure><div class=\"desc\"><h5><a href=\"https:\/\/www.fapricela.pt\/de\/portfolio-view\/arame-recozido-em-rolo-pequeno\/\" title=\"Gegl\u00fchte Draht in Kleine Rolle\">Gegl\u00fchte Draht in Kleine Rolle<\/a><\/h5><\/div><\/div><div class=\"item format-standart item-list-29\"><figure><a href=\"https:\/\/www.fapricela.pt\/de\/portfolio-view\/arame-recozido-em-bobine\/\" title=\"Gegl\u00fchte Draht in Coils\" class=\"darkbox\" ><img decoding=\"async\" src=\"https:\/\/www.fapricela.pt\/wp-content\/uploads\/2015\/08\/prd-arame-recozido-bobine-15-270x201.png\" alt=\"Gegl\u00fchte Draht in Coils\" \/> <\/a><\/figure><div class=\"desc\"><h5><a href=\"https:\/\/www.fapricela.pt\/de\/portfolio-view\/arame-recozido-em-bobine\/\" title=\"Gegl\u00fchte Draht in Coils\">Gegl\u00fchte Draht in Coils<\/a><\/h5><\/div><\/div><div class=\"item format-standart item-list-30\"><figure><a href=\"https:\/\/www.fapricela.pt\/de\/portfolio-view\/arame-recozido-em-bobine-pequena\/\" title=\"Gegl\u00fchte Draht in Kleine Coils\" class=\"darkbox\" ><img decoding=\"async\" src=\"https:\/\/www.fapricela.pt\/wp-content\/uploads\/2015\/08\/prd-arame-recozido-bobine-peq-3-270x201.png\" alt=\"Gegl\u00fchte Draht in Kleine Coils\" \/> <\/a><\/figure><div class=\"desc\"><h5><a href=\"https:\/\/www.fapricela.pt\/de\/portfolio-view\/arame-recozido-em-bobine-pequena\/\" title=\"Gegl\u00fchte Draht in Kleine Coils\">Gegl\u00fchte Draht in Kleine Coils<\/a><\/h5><\/div><\/div><div class=\"item format-standart item-list-31\"><figure><a href=\"https:\/\/www.fapricela.pt\/de\/portfolio-view\/arame-recozido-em-vareta\/\" title=\"Gegl\u00fchte Draht in St\u00e4ben\" class=\"darkbox\" ><img decoding=\"async\" src=\"https:\/\/www.fapricela.pt\/wp-content\/uploads\/2015\/08\/prd-arame-recozido-vareta-11-270x201.png\" alt=\"Gegl\u00fchte Draht in St\u00e4ben\" \/> <\/a><\/figure><div class=\"desc\"><h5><a href=\"https:\/\/www.fapricela.pt\/de\/portfolio-view\/arame-recozido-em-vareta\/\" title=\"Gegl\u00fchte Draht in St\u00e4ben\">Gegl\u00fchte Draht in St\u00e4ben<\/a><\/h5><\/div><\/div><div class=\"item format-standart item-list-32\"><figure><a href=\"https:\/\/www.fapricela.pt\/de\/portfolio-view\/blackmax-arame-recozido-extra-para-enfardamento\/\" title=\"Blackmax \u00ae &#8211; Premium pressendraht\" class=\"darkbox\" ><img decoding=\"async\" src=\"https:\/\/www.fapricela.pt\/wp-content\/uploads\/2016\/02\/prd-arame-recozido-blackmax-11-270x201.png\" alt=\"Blackmax \u00ae &#8211; Premium pressendraht\" \/> <\/a><\/figure><div class=\"desc\"><h5><a href=\"https:\/\/www.fapricela.pt\/de\/portfolio-view\/blackmax-arame-recozido-extra-para-enfardamento\/\" title=\"Blackmax \u00ae &#8211; Premium pressendraht\">Blackmax \u00ae &#8211; Premium pressendraht<\/a><\/h5><\/div><\/div><div class=\"item format-standart item-list-33\"><figure><a href=\"https:\/\/www.fapricela.pt\/de\/portfolio-view\/arame-cru-em-bobine\/\" title=\"Blanker Draht in Coils\" class=\"darkbox\" ><img decoding=\"async\" src=\"https:\/\/www.fapricela.pt\/wp-content\/uploads\/2015\/08\/prd-arame-cru-bobine-1-270x201.png\" alt=\"Blanker Draht in Coils\" \/> <\/a><\/figure><div class=\"desc\"><h5><a href=\"https:\/\/www.fapricela.pt\/de\/portfolio-view\/arame-cru-em-bobine\/\" title=\"Blanker Draht in Coils\">Blanker Draht in Coils<\/a><\/h5><\/div><\/div><div class=\"item format-standart item-list-34\"><figure><a href=\"https:\/\/www.fapricela.pt\/de\/portfolio-view\/arame-cru-em-rolo\/\" title=\"Blanker Draht in Rollen\" class=\"darkbox\" ><img decoding=\"async\" src=\"https:\/\/www.fapricela.pt\/wp-content\/uploads\/2015\/08\/prd-arame-cru-rolo-21-270x201.png\" alt=\"Blanker Draht in Rollen\" \/> <\/a><\/figure><div class=\"desc\"><h5><a href=\"https:\/\/www.fapricela.pt\/de\/portfolio-view\/arame-cru-em-rolo\/\" title=\"Blanker Draht in Rollen\">Blanker Draht in Rollen<\/a><\/h5><\/div><\/div><div class=\"item format-standart item-list-35\"><figure><a href=\"https:\/\/www.fapricela.pt\/de\/portfolio-view\/arame-cru-em-rolo-pequeno\/\" title=\"Blanker Draht in Kleine Rollen\" class=\"darkbox\" ><img decoding=\"async\" src=\"https:\/\/www.fapricela.pt\/wp-content\/uploads\/2015\/08\/prd-arame-cru-rolo-peq-1-270x201.png\" alt=\"Blanker Draht in Kleine Rollen\" \/> <\/a><\/figure><div class=\"desc\"><h5><a href=\"https:\/\/www.fapricela.pt\/de\/portfolio-view\/arame-cru-em-rolo-pequeno\/\" title=\"Blanker Draht in Kleine Rollen\">Blanker Draht in Kleine Rollen<\/a><\/h5><\/div><\/div><div class=\"item format-standart item-list-36\"><figure><a href=\"https:\/\/www.fapricela.pt\/de\/portfolio-view\/arame-cru-em-bobine-pequena\/\" title=\"Blanker Draht in Kleine Coils\" class=\"darkbox\" ><img decoding=\"async\" src=\"https:\/\/www.fapricela.pt\/wp-content\/uploads\/2015\/08\/prd-arame-cru-bobine-peq-1-270x201.png\" alt=\"Blanker Draht in Kleine Coils\" \/> <\/a><\/figure><div class=\"desc\"><h5><a href=\"https:\/\/www.fapricela.pt\/de\/portfolio-view\/arame-cru-em-bobine-pequena\/\" title=\"Blanker Draht in Kleine Coils\">Blanker Draht in Kleine Coils<\/a><\/h5><\/div><\/div><div class=\"item format-standart item-list-37\"><figure><a href=\"https:\/\/www.fapricela.pt\/de\/portfolio-view\/arame-cru-em-vareta\/\" title=\"Blanker Draht in Kleine Rollen in St\u00e4ben\" class=\"darkbox\" ><img decoding=\"async\" src=\"https:\/\/www.fapricela.pt\/wp-content\/uploads\/2015\/08\/prd-arame-cru-vareta-11-270x201.png\" alt=\"Blanker Draht in Kleine Rollen in St\u00e4ben\" \/> <\/a><\/figure><div class=\"desc\"><h5><a href=\"https:\/\/www.fapricela.pt\/de\/portfolio-view\/arame-cru-em-vareta\/\" title=\"Blanker Draht in Kleine Rollen in St\u00e4ben\">Blanker Draht in Kleine Rollen in St\u00e4ben<\/a><\/h5><\/div><\/div><\/div><\/div><\/div>\n<\/div><!-- .row (end) -->\n<div class=\"row \">\n<div class=\"span12 \"><div class=\"grupo-industria\">\n<img loading=\"lazy\" decoding=\"async\" title=\"\" alt=\"\" src=\"http:\/\/www.fapricela.pt\/wp-content\/uploads\/2016\/06\/logo-fapricela-industria-de.png\" width=\"355\" height=\"42\"><br \/>\n<img loading=\"lazy\" decoding=\"async\" title=\"\" alt=\"\" style=\"min-height: 1px;\" src=\"http:\/\/www.fapricela.pt\/wp-content\/uploads\/2016\/05\/bottom-footer-logos-shadow.png\" width=\"1170\" height=\"1\">\n<\/div>\n<div class=\"clients-grid-wrap\" style=\"text-align: center;\">\n<a><img loading=\"lazy\" decoding=\"async\" title=\"FAPRICELA - Ind\u00fastria de Trefilaria, S.A.\" alt=\"\" style=\"margin-right: 15px;\" src=\"http:\/\/www.fapricela.pt\/wp-content\/uploads\/2016\/05\/logo-cliente-fapricela-pt.png\" width=\"275\" height=\"90\"><\/a><a href=\"http:\/\/www.fapricela.uk.com\/\" target=\"_blank\" rel=\"noopener noreferrer\"><img loading=\"lazy\" decoding=\"async\" title=\"Fapricela UK Limited\" alt=\"\" style=\"margin-right: 15px;\" src=\"http:\/\/www.fapricela.pt\/wp-content\/uploads\/2016\/05\/logo-cliente-fapricela-uk.png\" width=\"275\" height=\"90\"><\/a><a href=\"http:\/\/www.fapricela.fr\/\" target=\"_blank\" rel=\"noopener noreferrer\"><img loading=\"lazy\" decoding=\"async\" title=\"Fapricela Steel France\" alt=\"\" style=\"margin-right: 15px;\" src=\"http:\/\/www.fapricela.pt\/wp-content\/uploads\/2016\/05\/logo-cliente-fapricela-fr.png\" width=\"275\" height=\"90\"><\/a><a href=\"http:\/\/www.ibermetais.pt\/de\/\" target=\"_blank\" rel=\"noopener noreferrer\"><img loading=\"lazy\" decoding=\"async\" title=\"IBERMETAIS - Ind\u00fastria de Trefilagem, S.A.\" alt=\"\" src=\"http:\/\/www.fapricela.pt\/wp-content\/uploads\/2016\/05\/logo-cliente-ibermetais.png\" width=\"275\" height=\"90\"><\/a>\n<\/div><\/div>\n<\/div><!-- .row (end) -->","protected":false},"excerpt":{"rendered":"","protected":false},"author":100053844005,"featured_media":0,"parent":0,"menu_order":0,"comment_status":"closed","ping_status":"closed","template":"page-home.php","meta":{"footnotes":""},"class_list":["post-203","page","type-page","status-publish","hentry"],"_links":{"self":[{"href":"https:\/\/www.fapricela.pt\/de\/wp-json\/wp\/v2\/pages\/203","targetHints":{"allow":["GET"]}}],"collection":[{"href":"https:\/\/www.fapricela.pt\/de\/wp-json\/wp\/v2\/pages"}],"about":[{"href":"https:\/\/www.fapricela.pt\/de\/wp-json\/wp\/v2\/types\/page"}],"author":[{"embeddable":true,"href":"https:\/\/www.fapricela.pt\/de\/wp-json\/wp\/v2\/users\/100053844005"}],"replies":[{"embeddable":true,"href":"https:\/\/www.fapricela.pt\/de\/wp-json\/wp\/v2\/comments?post=203"}],"version-history":[{"count":240,"href":"https:\/\/www.fapricela.pt\/de\/wp-json\/wp\/v2\/pages\/203\/revisions"}],"predecessor-version":[{"id":43518,"href":"https:\/\/www.fapricela.pt\/de\/wp-json\/wp\/v2\/pages\/203\/revisions\/43518"}],"wp:attachment":[{"href":"https:\/\/www.fapricela.pt\/de\/wp-json\/wp\/v2\/media?parent=203"}],"curies":[{"name":"wp","href":"https:\/\/api.w.org\/{rel}","templated":true}]}}